{"id":7,"date":"2009-11-22T16:11:36","date_gmt":"2009-11-22T15:11:36","guid":{"rendered":"http:\/\/2019.economicsofeducation.com\/en\/?page_id=7"},"modified":"2025-05-26T20:58:27","modified_gmt":"2025-05-26T18:58:27","slug":"important-dates","status":"publish","type":"page","link":"https:\/\/2025.economicsofeducation.com\/es\/important-dates\/","title":{"rendered":"Fechas"},"content":{"rendered":"<div>\n<div class=\"eight columns\">\n<div class=\"gdlr-item gdlr-content-item\">\n<p>&nbsp;<\/p>\n<p><strong>Env\u00edo de res\u00famenes, comunicaciones y publicaci\u00f3n del programa:<\/strong><\/p>\n<ul>\n<li>Apertura plazo env\u00edo res\u00famenes en l\u00ednea: 13 de diciembre de 2025<\/li>\n<li>Fecha l\u00edmite env\u00edo res\u00famenes: <del>7 de febrero de 2025<\/del> 14 de febrero de 2025<\/li>\n<li>Notificaci\u00f3n sobre decisi\u00f3n res\u00famenes: 28 de febrero de 2025<\/li>\n<li><strong>IMPORTANTE: Si no ha recibido una comunicaci\u00f3n de AEDE respecto a la aceptaci\u00f3n del abstract el 28 de febrero, por favor, escribanos al siguiente correo electr\u00f3nico: meeting@economicsofeducation.com<\/strong><\/li>\n<li>Fecha l\u00edmite env\u00edo comunicaciones completas: <del>4 de abril de 2025<\/del> 11 de abril de 2025<\/li>\n<li>Notificaci\u00f3n sobre decisi\u00f3n de comunicaciones: 2 de mayo de 2025<\/li>\n<\/ul>\n<p><strong>Inscripci\u00f3n:<\/strong><\/p>\n<ul>\n<li>Apertura inscripci\u00f3n en l\u00ednea: 8 de mayo de 2025<\/li>\n<li>Fecha l\u00edmite inscripci\u00f3n con cuota reducida: 22 de mayo de 2025<\/li>\n<li>Fecha l\u00edmite inscripci\u00f3n (con comunicaci\u00f3n): 5 de junio de 2025<\/li>\n<li>Fecha l\u00edmite inscripci\u00f3n (sin comunicaci\u00f3n): 12 de junio de 2025<\/li>\n<\/ul>\n<p><strong>Jornadas (25 &#8211; 27 Junio de 2025):<\/strong><\/p>\n<ul>\n<li>Curso \u00abSobre el uso de datos de proceso en evaluaciones a gran escala en educaci\u00f3n\u00bb: 25 de junio (15:00-18:00 h). <a href=\"https:\/\/2025.economicsofeducation.com\/wp-content\/uploads\/Process-Data-in-Large-Scale-Assessments-in-Education_25_06_AEDE.pdf\">M\u00e1s informaci\u00f3n aqu\u00ed<\/a>.<\/li>\n<li>Comunicaciones: 26 y 27 de junio<\/li>\n<\/ul>\n<\/div>\n<\/div>\n<\/div>\n<div class=\"clear\"><\/div>\n","protected":false},"excerpt":{"rendered":"<p>&nbsp; Env\u00edo de res\u00famenes, comunicaciones y publicaci\u00f3n del programa: Apertura plazo env\u00edo res\u00famenes en l\u00ednea: 13 de diciembre de 2025 Fecha l\u00edmite env\u00edo res\u00famenes: 7 de febrero de 2025 14 de febrero de 2025 Notificaci\u00f3n sobre decisi\u00f3n res\u00famenes: 28 de febrero de 2025 IMPORTANTE: Si no ha recibido una comunicaci\u00f3n de AEDE respecto a la&#8230; <\/p>\n<div class=\"clear\"><\/div>\n<p><a href=\"https:\/\/2025.economicsofeducation.com\/es\/important-dates\/\" class=\"gdlr-info-font excerpt-read-more\">Read More<\/a><\/p>\n","protected":false},"author":421,"featured_media":0,"parent":0,"menu_order":20,"comment_status":"closed","ping_status":"closed","template":"","meta":{"footnotes":""},"class_list":["post-7","page","type-page","status-publish","hentry"],"_links":{"self":[{"href":"https:\/\/2025.economicsofeducation.com\/es\/wp-json\/wp\/v2\/pages\/7","targetHints":{"allow":["GET"]}}],"collection":[{"href":"https:\/\/2025.economicsofeducation.com\/es\/wp-json\/wp\/v2\/pages"}],"about":[{"href":"https:\/\/2025.economicsofeducation.com\/es\/wp-json\/wp\/v2\/types\/page"}],"author":[{"embeddable":true,"href":"https:\/\/2025.economicsofeducation.com\/es\/wp-json\/wp\/v2\/users\/421"}],"replies":[{"embeddable":true,"href":"https:\/\/2025.economicsofeducation.com\/es\/wp-json\/wp\/v2\/comments?post=7"}],"version-history":[{"count":12,"href":"https:\/\/2025.economicsofeducation.com\/es\/wp-json\/wp\/v2\/pages\/7\/revisions"}],"predecessor-version":[{"id":5613,"href":"https:\/\/2025.economicsofeducation.com\/es\/wp-json\/wp\/v2\/pages\/7\/revisions\/5613"}],"wp:attachment":[{"href":"https:\/\/2025.economicsofeducation.com\/es\/wp-json\/wp\/v2\/media?parent=7"}],"curies":[{"name":"wp","href":"https:\/\/api.w.org\/{rel}","templated":true}]}}